{"id":4050,"date":"2021-01-30T18:23:04","date_gmt":"2021-01-30T17:23:04","guid":{"rendered":"https:\/\/magon.es\/aviso-legal\/"},"modified":"2022-04-05T14:16:13","modified_gmt":"2022-04-05T12:16:13","slug":"mentions-legales","status":"publish","type":"page","link":"https:\/\/magon.es\/fr\/mentions-legales\/","title":{"rendered":"Mentions l\u00e9gales"},"content":{"rendered":"[vc_row type=\u00a0\u00bbin_container\u00a0\u00bb full_screen_row_position=\u00a0\u00bbmiddle\u00a0\u00bb column_margin=\u00a0\u00bbdefault\u00a0\u00bb column_direction=\u00a0\u00bbdefault\u00a0\u00bb column_direction_tablet=\u00a0\u00bbdefault\u00a0\u00bb column_direction_phone=\u00a0\u00bbdefault\u00a0\u00bb scene_position=\u00a0\u00bbcenter\u00a0\u00bb top_padding=\u00a0\u00bb50&Prime; bottom_padding=\u00a0\u00bb50&Prime; text_color=\u00a0\u00bbdark\u00a0\u00bb text_align=\u00a0\u00bbleft\u00a0\u00bb row_border_radius=\u00a0\u00bbnone\u00a0\u00bb row_border_radius_applies=\u00a0\u00bbbg\u00a0\u00bb overlay_strength=\u00a0\u00bb0.3&Prime; gradient_direction=\u00a0\u00bbleft_to_right\u00a0\u00bb shape_divider_position=\u00a0\u00bbbottom\u00a0\u00bb bg_image_animation=\u00a0\u00bbnone\u00a0\u00bb shape_type=\u00a0\u00bb\u00a0\u00bb][vc_column column_padding=\u00a0\u00bbno-extra-padding\u00a0\u00bb column_padding_tablet=\u00a0\u00bbinherit\u00a0\u00bb column_padding_phone=\u00a0\u00bbinherit\u00a0\u00bb column_padding_position=\u00a0\u00bball\u00a0\u00bb column_element_spacing=\u00a0\u00bbdefault\u00a0\u00bb background_color_opacity=\u00a0\u00bb1&Prime; background_hover_color_opacity=\u00a0\u00bb1&Prime; column_shadow=\u00a0\u00bbnone\u00a0\u00bb column_border_radius=\u00a0\u00bbnone\u00a0\u00bb column_link_target=\u00a0\u00bb_self\u00a0\u00bb gradient_direction=\u00a0\u00bbleft_to_right\u00a0\u00bb overlay_strength=\u00a0\u00bb0.3&Prime; width=\u00a0\u00bb1\/1&Prime; tablet_width_inherit=\u00a0\u00bbdefault\u00a0\u00bb tablet_text_alignment=\u00a0\u00bbdefault\u00a0\u00bb phone_text_alignment=\u00a0\u00bbdefault\u00a0\u00bb bg_image_animation=\u00a0\u00bbnone\u00a0\u00bb border_type=\u00a0\u00bbsimple\u00a0\u00bb column_border_width=\u00a0\u00bbnone\u00a0\u00bb column_border_style=\u00a0\u00bbsolid\u00a0\u00bb][vc_column_text]\n<h2>Mentions l\u00e9gales<\/h2>\n<p class=\"p2\"><span class=\"s1\"><span class=\"Apple-converted-space\">\u00a0<\/span><\/span>Les pr\u00e9sentes Mentions l\u00e9gales fournissent \u00e0 l\u2019Utilisateur toutes les informations concernant les conditions l\u00e9gales qui d\u00e9finissent les relations entre les utilisateurs et le responsable du site Web accessible via l\u2019URL <a href=\"https:\/\/magon.es\/\">https:\/\/magon.es\/<\/a> (ci-apr\u00e8s le Site Web), que MAG\u00d3N S.A met \u00e0 la disposition des utilisateurs d\u2019Internet.<span class=\"Apple-converted-space\">\u00a0<\/span><\/p>\n<p class=\"p2\">L\u2019utilisation du site Web implique l\u2019acceptation int\u00e9grale et sans r\u00e9serve de toutes les conditions dont font \u00e9tat les pr\u00e9sentes Mentions l\u00e9gales. En cons\u00e9quence, l\u2019utilisateur du site Web doit lire attentivement les pr\u00e9sentes Mentions l\u00e9gales chaque fois que l\u2019utilisation du site Web lui est propos\u00e9e. En effet, le contenu peut faire l\u2019objet de modifications \u00e0 la discr\u00e9tion du titulaire du site Web ou en raison d\u2019une modification l\u00e9gislative, jurisprudentielle ou relative \u00e0 la pratique commerciale.<span class=\"Apple-converted-space\">\u00a0<\/span><\/p>\n<p class=\"p2\"><b>1.- DONN\u00c9ES RELATIVES AU RESPONSABLE TITULAIRE DU SITE WEB<span class=\"Apple-converted-space\">\u00a0<\/span><\/b><\/p>\n<p class=\"p2\">Nom du titulaire : MAGON, S.A.<span class=\"Apple-converted-space\">\u00a0<\/span><\/p>\n<p class=\"p2\">Si\u00e8ge social : C\/ Persiles y Segismunda, s\/n, 45221 Esquivias, Toledo (Espagne).<span class=\"Apple-converted-space\">\u00a0<\/span><\/p>\n<p class=\"p2\">C.I.F. : A45052446<span class=\"Apple-converted-space\">\u00a0<\/span><\/p>\n<p class=\"p2\">T\u00e9l\u00e9phone : (+34) 925520035<span class=\"Apple-converted-space\">\u00a0<\/span><\/p>\n<p class=\"p2\">Courrier \u00e9lectronique : <a href=\"mailto:magonaceros@magon.es\">magonaceros@magon.es<span class=\"Apple-converted-space\">\u00a0<\/span><\/a><\/p>\n<p class=\"p2\">MAG\u00d3N S.A est responsable du Site Web et l\u2019entreprise s\u2019engage \u00e0 r\u00e9pondre \u00e0 toutes les exigences nationales et europ\u00e9ennes qui r\u00e8glementent l\u2019utilisation des donn\u00e9es \u00e0 caract\u00e8re personnel des utilisateurs. Ce Site Web garantit la protection et la confidentialit\u00e9 des donn\u00e9es \u00e0 caract\u00e8re personnel fournies conform\u00e9ment aux dispositions du R\u00e8glement g\u00e9n\u00e9ral sur la protection des donn\u00e9es \u00e0 caract\u00e8re personnel (UE) 2016\/679 du Parlement europ\u00e9en et du Conseil, du 27 avril 2016, de la loi organique 3\/2018 sur la protection des donn\u00e9es personnelles et la garantie des droits num\u00e9riques, ainsi que de la loi sur les services de la soci\u00e9t\u00e9 de l\u2019information et du commerce \u00e9lectronique 34\/2022, du 11 juillet (LSSI-CE).<span class=\"Apple-converted-space\">\u00a0<\/span><\/p>\n<p class=\"p2\">Nom du titulaire : MASTER PANEL SL<span class=\"Apple-converted-space\">\u00a0<\/span><\/p>\n<p class=\"p1\">Si\u00e8ge social : C\u00ba de Toledo S\/N P.I de la C\u00e1rdena, 45221 Esquivias, Toledo (Espagne)<span class=\"Apple-converted-space\">\u00a0<\/span><\/p>\n<p class=\"p1\">T\u00e9l\u00e9phone : (+34) 925519926<span class=\"Apple-converted-space\">\u00a0<\/span><\/p>\n<p class=\"p1\">Adresse \u00e9lectronique : <a href=\"mailto:masterpanel@magon.es\">masterpanel@magon.es<span class=\"Apple-converted-space\">\u00a0<\/span><\/a><\/p>\n<p class=\"p1\">MASTER PANEL SL est responsable du Site Web et l\u2019entreprise s\u2019engage \u00e0 r\u00e9pondre \u00e0 toutes les exigences nationales et europ\u00e9ennes qui r\u00e8glementent l\u2019utilisation des donn\u00e9es \u00e0 caract\u00e8re personnel des utilisateurs.<span class=\"Apple-converted-space\">\u00a0<\/span><\/p>\n<p class=\"p1\">Ce Site Web garantit la protection et la confidentialit\u00e9 des donn\u00e9es \u00e0 caract\u00e8re personnel fournies conform\u00e9ment aux dispositions du R\u00e8glement g\u00e9n\u00e9ral sur la protection des donn\u00e9es \u00e0 caract\u00e8re personnel (UE) 2016\/679 du Parlement europ\u00e9en et du Conseil, du 27 avril 2016, de la loi organique 3\/2018 sur la protection des donn\u00e9es personnelles et la garantie des droits num\u00e9riques, ainsi que de la loi sur les services de la soci\u00e9t\u00e9 de l\u2019information et du commerce \u00e9lectronique 34\/2022, du 11 juillet (LSSI-CE)<span class=\"Apple-converted-space\">\u00a0<\/span><\/p>\n<p class=\"p1\"><b>2.- OBJET<span class=\"Apple-converted-space\">\u00a0<\/span><\/b><\/p>\n<p class=\"p1\">Le Site Web permet \u00e0 ses utilisateurs d\u2019acc\u00e9der aux informations et services fournis par MAG\u00d3N S.A aux personnes ou organisations int\u00e9ress\u00e9s par ces informations et services.<span class=\"Apple-converted-space\">\u00a0<\/span><\/p>\n<p class=\"p1\">L\u2019acc\u00e8s au Site Web et son utilisation conf\u00e8re la condition d\u2019utilisateur du Site Web (ci-apr\u00e8s, l\u2019\u00ab Utilisateur \u00bb) et implique l\u2019acceptation de toutes les conditions dont font \u00e9tat les pr\u00e9sentes Mentions l\u00e9gales, ainsi que leurs modifications. Le service du Site Web est fourni pour une dur\u00e9e limit\u00e9e au moment o\u00f9 l\u2019Utilisateur est connect\u00e9 au Site Web ou \u00e0 l\u2019un des services fournis par celui-ci. Par cons\u00e9quent, l\u2019Utilisateur doit lire attentivement les pr\u00e9sentes Mentions l\u00e9gales chaque fois que l\u2019utilisation du site Web lui est propos\u00e9e. En effet, son contenu et les conditions d\u2019utilisation figurant aux pr\u00e9sentes Mentions l\u00e9gales peuvent faire l\u2019objet de modifications.<span class=\"Apple-converted-space\">\u00a0<\/span><\/p>\n<p class=\"p2\"><b>3.- ACC\u00c8S ET UTILISATION DU SITE WEB<span class=\"Apple-converted-space\">\u00a0<\/span><\/b><\/p>\n<p class=\"p2\">3.1.- Acc\u00e8s et utilisation du site Web gratuits. L\u2019acc\u00e8s au site web est gratuit pour ses utilisateurs, \u00e0 l\u2019exception du co\u00fbt de la connexion via le r\u00e9seau de t\u00e9l\u00e9communications fourni par le fournisseur d\u2019acc\u00e8s aupr\u00e8s duquel les utilisateurs ont souscrit un contrat.<span class=\"Apple-converted-space\">\u00a0<\/span><\/p>\n<p class=\"p2\">3.2.- Enregistrement des utilisateurs. De mani\u00e8re g\u00e9n\u00e9rale, l\u2019acc\u00e8s au site web et son utilisation ne requi\u00e8rent pas l\u2019inscription ou l\u2019enregistrement pr\u00e9alable de ses utilisateurs.<span class=\"Apple-converted-space\">\u00a0<\/span><\/p>\n<p class=\"p2\">3.3.- Dans tous cas, les utilisateurs garantissent et r\u00e9pondent de l\u2019exactitude, de la validit\u00e9 et de l\u2019authenticit\u00e9 des donn\u00e9es \u00e0 caract\u00e8re personnel fournies, et ils s\u2019engagent \u00e0 ce qu\u2019elles soient d\u00fbment actualis\u00e9es. L\u2019utilisateur accepte de renseigner le formulaire de contact ou d\u2019inscription avec des informations compl\u00e8tes et correctes.<span class=\"Apple-converted-space\">\u00a0<\/span><\/p>\n<p class=\"p2\">Concernant les mineurs de moins de quatorze ans, le consentement des parents ou des tuteurs est requis pour le traitement de leurs donn\u00e9es \u00e0 caract\u00e8re personnel.<span class=\"Apple-converted-space\">\u00a0<\/span><\/p>\n<p class=\"p2\">Il ne sera en aucun cas demand\u00e9 au mineur des donn\u00e9es relatives \u00e0 la situation professionnelle, financi\u00e8re ou \u00e0 la vie priv\u00e9e des autres membres de la famille, sans leur consentement.<span class=\"Apple-converted-space\">\u00a0<\/span><\/p>\n<p class=\"p2\">Si vous avez moins de quatorze ans et que vous avez consult\u00e9 ce site Web sans en informer vos parents, vous ne devez pas vous enregistrer en tant qu\u2019utilisateur.<span class=\"Apple-converted-space\">\u00a0<\/span><\/p>\n<p class=\"p2\">Ce site Web respecte et prot\u00e8ge les donn\u00e9es \u00e0 caract\u00e8re personnel des utilisateurs. En tant qu\u2019utilisateur, vous devez savoir que vos droits sont garantis.<span class=\"Apple-converted-space\">\u00a0<\/span><\/p>\n<p class=\"p2\"><b>4.- CONTENUS DU SITE WEB<span class=\"Apple-converted-space\">\u00a0<\/span><\/b><\/p>\n<p class=\"p2\">La langue utilis\u00e9e par le titulaire du site Web est l\u2019espagnol. MAG\u00d3N S.A n\u2019est pas responsable du fait que l\u2019utilisateur ne comprenne pas la langue du site Web, ni des cons\u00e9quences pouvant en d\u00e9couler.<span class=\"Apple-converted-space\">\u00a0<\/span><\/p>\n<p class=\"p2\">MAG\u00d3N S.A pourra modifier les contenus sans pr\u00e9avis, ainsi que supprimer et modifier ces contenus sur le site Web, ou la mani\u00e8re d\u2019acc\u00e9der \u00e0 ces contenus, sans aucune justification et librement, et l\u2019entreprise ne sera pas tenue responsable des cons\u00e9quences que ces changements peuvent entra\u00eener pour les utilisateurs.<span class=\"Apple-converted-space\">\u00a0<\/span><\/p>\n<p class=\"p2\">Il est interdit d\u2019utiliser les contenus du site Web pour promouvoir, solliciter ou diffuser de la publicit\u00e9 ou des informations propres ou de tierces personnes sans l\u2019autorisation de MAG\u00d3N S.A, et de distribuer de la publicit\u00e9 ou des informations par le biais des services ou des informations mis \u00e0 disposition des utilisateurs, ind\u00e9pendamment du fait que leur utilisation soit gratuite ou non.<span class=\"Apple-converted-space\">\u00a0<\/span><\/p>\n<p class=\"p2\">Les liens et hyperliens figurant sur des sites Web tiers, permettant l\u2019acc\u00e8s \u00e0 ce site Web, ouvriront le site Web int\u00e9gral, emp\u00eachant ainsi toute d\u00e9claration, directe ou indirecte, d\u2019indications fausses, inexactes ou confuses, et le recours \u00e0 des actions d\u00e9loyales ou illicites contre MAG\u00d3N S.A.<span class=\"Apple-converted-space\">\u00a0<\/span><\/p>\n<p class=\"p2\"><b>5.- MESURES DE S\u00c9CURIT\u00c9<span class=\"Apple-converted-space\">\u00a0<\/span><\/b><\/p>\n<p class=\"p2\">Les donn\u00e9es \u00e0 caract\u00e8re personnel communiqu\u00e9es par l\u2019utilisateur pourront \u00eatre stock\u00e9es dans des bases de donn\u00e9es automatis\u00e9es ou non, propri\u00e9t\u00e9 exclusive de MAG\u00d3N S.A., adoptant toutes les mesures techniques, organisationnelles et de s\u00e9curit\u00e9 qui garantissent la confidentialit\u00e9, l\u2019int\u00e9grit\u00e9 et la qualit\u00e9 des informations contenues dans ces donn\u00e9es conform\u00e9ment aux normes en vigueur en mati\u00e8re de protection des donn\u00e9es \u00e0 caract\u00e8re personnel.<span class=\"Apple-converted-space\">\u00a0<\/span><\/p>\n<p class=\"p3\"><b>6.- LIMITATION DE RESPONSABILIT\u00c9 <\/b><span class=\"s1\">&#8211; <\/span>de la pr\u00e9sence de virus dans l\u2019ordinateur de l\u2019utilisateur utilis\u00e9 pour se connecter aux services et contenus du site Web,<span class=\"Apple-converted-space\">\u00a0<\/span><\/p>\n<p class=\"p4\">&#8211; d\u2019un mauvais fonctionnement du navigateur,<span class=\"Apple-converted-space\">\u00a0<\/span><\/p>\n<p class=\"p2\"><span class=\"s1\">&#8211; <\/span>et\/ou de l\u2019utilisation de versions non mises \u00e0 jour de celui-ci.<span class=\"Apple-converted-space\">\u00a0<\/span><\/p>\n<p class=\"p2\">Tant l\u2019acc\u00e8s \u00e0 ce site web que l\u2019utilisation non consentie qui peut \u00eatre faite des informations contenues dans celui-ci est de la responsabilit\u00e9 exclusive de celui qui s\u2019en charge. MAG\u00d3N S.A ne r\u00e9pondra d\u2019aucune cons\u00e9quence, dommage ou pr\u00e9judice pouvant d\u00e9couler de cet acc\u00e8s ou utilisation. MAG\u00d3N S.A ne sera pas tenue responsable des erreurs de s\u00e9curit\u00e9 pouvant se produire, ni des dommages pouvant \u00eatre caus\u00e9s dans le syst\u00e8me informatique de l\u2019utilisateur (mat\u00e9riel informatique et logiciel), ou sur les fichiers ou documents stock\u00e9s dans celui-ci, en cons\u00e9quence :<span class=\"Apple-converted-space\">\u00a0<\/span><\/p>\n<p class=\"p2\">MAG\u00d3N S.A ne sera pas tenue responsable de la fiabilit\u00e9 et de la rapidit\u00e9 des hyperliens figurant sur le site Web et permettant l\u2019acc\u00e8s \u00e0 d\u2019autres sites. MAG\u00d3N S.A ne garantit pas l\u2019utilit\u00e9 de ces liens et n\u2019est pas responsable des contenus ou services auxquels l\u2019utilisateur peut acc\u00e9der par le biais de ces liens, ni du bon fonctionnement de ces sites Web.<span class=\"Apple-converted-space\">\u00a0<\/span><\/p>\n<p class=\"p2\">MAG\u00d3N S.A ne sera pas tenue responsable des virus ou autres programmes informatiques qui endommagent ou sont susceptibles d\u2019endommager les syst\u00e8mes ou les \u00e9quipements informatiques des utilisateurs lors de l\u2019acc\u00e8s \u00e0 son site Web ou \u00e0 d\u2019autres sites Web ouverts par le biais de liens figurant sur ce site.<span class=\"Apple-converted-space\">\u00a0<\/span><\/p>\n<p class=\"p2\"><b>7.- RECOURS \u00c0 LA TECHNOLOGIE \u00ab COOKIES \u00bb<span class=\"Apple-converted-space\">\u00a0<\/span><\/b><\/p>\n<p class=\"p2\">Le Site Web peut recourir aux cookies ou \u00e0 des technologies similaires r\u00e9gies par les dispositions de la Politique de cookies, accessible \u00e0 tout moment et respectant la confidentialit\u00e9 et la vie priv\u00e9e de l\u2019utilisateur, faisant partie int\u00e9grante des pr\u00e9sentes Mentions l\u00e9gales.<span class=\"Apple-converted-space\">\u00a0<\/span><\/p>\n<p class=\"p2\"><b>8.- NAVIGATION<span class=\"Apple-converted-space\">\u00a0<\/span><\/b><\/p>\n<p class=\"p2\">Les serveurs Internet peuvent collecter des donn\u00e9es non identifiables, notamment des adresses IP, et d\u2019autres donn\u00e9es qui ne peuvent pas \u00eatre utilis\u00e9es pour identifier l\u2019utilisateur. Votre adresse IP sera automatiquement stock\u00e9e dans les journaux d\u2019acc\u00e8s \u00e0 la seule fin de permettre le transit via Internet, votre \u00e9quipement devant fournir cette adresse IP quand vous naviguez sur Internet pour que les communications puissent s\u2019effectuer. De m\u00eame, l\u2019adresse IP pourra \u00eatre utilis\u00e9e pour obtenir des statistiques, de mani\u00e8re anonyme, sur le nombre de visiteurs de ce site Web et leur provenance, en totale transparence lors de votre navigation.<span class=\"Apple-converted-space\">\u00a0<\/span><\/p>\n<p class=\"p2\"><b>9.- PROPRI\u00c9T\u00c9 INTELLECTUELLE ET INDUSTRIELLE<span class=\"Apple-converted-space\">\u00a0<\/span><\/b><\/p>\n<p class=\"p2\">L\u2019utilisateur conna\u00eet et accepte que tous les contenus et\/ou tous autres \u00e9l\u00e9ments du site Web sont la propri\u00e9t\u00e9 de MAG\u00d3N S.A, et il s\u2019engage \u00e0 respecter les droits de propri\u00e9t\u00e9 intellectuelle et industrielle de MAG\u00d3N S.A et\/ou de tiers. Toute utilisation du site Web et de ses contenus devra avoir un caract\u00e8re exclusivement priv\u00e9.<span class=\"Apple-converted-space\">\u00a0<\/span><\/p>\n<p class=\"p2\">Toute autre utilisation impliquant la copie, reproduction, distribution, transformation, communication publique ou toute autre action similaire, de tout ou partie des contenus du site Web, est r\u00e9serv\u00e9e exclusivement \u00e0 MAG\u00d3N S.A. Par cons\u00e9quent, aucun utilisateur ne pourra r\u00e9aliser ces actions sans l\u2019autorisation pr\u00e9alable \u00e9crite de MAG\u00d3N S.A.<span class=\"Apple-converted-space\">\u00a0<\/span><\/p>\n<p class=\"p2\"><b>10.- L\u00c9GISLATION APPLICABLE ET JURIDICTION COMP\u00c9TENTE<span class=\"Apple-converted-space\">\u00a0<\/span><\/b><\/p>\n<p class=\"p2\">Les pr\u00e9sentes Mentions l\u00e9gales seront interpr\u00e9t\u00e9es et r\u00e9gies conform\u00e9ment \u00e0 la l\u00e9gislation espagnole. MAG\u00d3N S.A et les utilisateurs, en renon\u00e7ant express\u00e9ment \u00e0 toute autre juridiction dont ils pourraient d\u00e9pendre, se soumettent \u00e0 la comp\u00e9tence des juges et tribunaux du domicile de l\u2019utilisateur pour tout diff\u00e9rend susceptible de d\u00e9couler de l\u2019acc\u00e8s au site Web ou de son utilisation. Si le domicile de l\u2019utilisateur se trouve hors d\u2019Espagne, MAG\u00d3N S.A et l\u2019utilisateur se soumettent, en renon\u00e7ant express\u00e9ment \u00e0 toute autre juridiction, aux juges et tribunaux de la ville de Tol\u00e8de (Espagne).<span class=\"Apple-converted-space\">\u00a0<\/span><\/p>\n[\/vc_column_text][\/vc_column][\/vc_row]\n","protected":false},"excerpt":{"rendered":"<p>[vc_row type=\u00a0\u00bbin_container\u00a0\u00bb full_screen_row_position=\u00a0\u00bbmiddle\u00a0\u00bb column_margin=\u00a0\u00bbdefault\u00a0\u00bb column_direction=\u00a0\u00bbdefault\u00a0\u00bb column_direction_tablet=\u00a0\u00bbdefault\u00a0\u00bb column_direction_phone=\u00a0\u00bbdefault\u00a0\u00bb scene_position=\u00a0\u00bbcenter\u00a0\u00bb top_padding=\u00a0\u00bb50&Prime; bottom_padding=\u00a0\u00bb50&Prime; text_color=\u00a0\u00bbdark\u00a0\u00bb text_align=\u00a0\u00bbleft\u00a0\u00bb row_border_radius=\u00a0\u00bbnone\u00a0\u00bb row_border_radius_applies=\u00a0\u00bbbg\u00a0\u00bb overlay_strength=\u00a0\u00bb0.3&Prime; gradient_direction=\u00a0\u00bbleft_to_right\u00a0\u00bb shape_divider_position=\u00a0\u00bbbottom\u00a0\u00bb bg_image_animation=\u00a0\u00bbnone\u00a0\u00bb shape_type=\u00a0\u00bb\u00a0\u00bb][vc_column column_padding=\u00a0\u00bbno-extra-padding\u00a0\u00bb column_padding_tablet=\u00a0\u00bbinherit\u00a0\u00bb column_padding_phone=\u00a0\u00bbinherit\u00a0\u00bb column_padding_position=\u00a0\u00bball\u00a0\u00bb column_element_spacing=\u00a0\u00bbdefault\u00a0\u00bb background_color_opacity=\u00a0\u00bb1&Prime; background_hover_color_opacity=\u00a0\u00bb1&Prime; column_shadow=\u00a0\u00bbnone\u00a0\u00bb column_border_radius=\u00a0\u00bbnone\u00a0\u00bb column_link_target=\u00a0\u00bb_self\u00a0\u00bb gradient_direction=\u00a0\u00bbleft_to_right\u00a0\u00bb&#8230;<\/p>\n","protected":false},"author":1,"featured_media":0,"parent":0,"menu_order":0,"comment_status":"closed","ping_status":"closed","template":"","meta":{"content-type":"","rs_blank_template":"","rs_page_bg_color":"","slide_template_v7":"","footnotes":""},"class_list":["post-4050","page","type-page","status-publish"],"_links":{"self":[{"href":"https:\/\/magon.es\/fr\/wp-json\/wp\/v2\/pages\/4050","targetHints":{"allow":["GET"]}}],"collection":[{"href":"https:\/\/magon.es\/fr\/wp-json\/wp\/v2\/pages"}],"about":[{"href":"https:\/\/magon.es\/fr\/wp-json\/wp\/v2\/types\/page"}],"author":[{"embeddable":true,"href":"https:\/\/magon.es\/fr\/wp-json\/wp\/v2\/users\/1"}],"replies":[{"embeddable":true,"href":"https:\/\/magon.es\/fr\/wp-json\/wp\/v2\/comments?post=4050"}],"version-history":[{"count":0,"href":"https:\/\/magon.es\/fr\/wp-json\/wp\/v2\/pages\/4050\/revisions"}],"wp:attachment":[{"href":"https:\/\/magon.es\/fr\/wp-json\/wp\/v2\/media?parent=4050"}],"curies":[{"name":"wp","href":"https:\/\/api.w.org\/{rel}","templated":true}]}}